{"id":3167,"date":"2026-04-27T13:40:10","date_gmt":"2026-04-27T11:40:10","guid":{"rendered":"https:\/\/www.passionvttvenelles.fr\/?post_type=tribe_events&#038;p=3167"},"modified":"2026-04-27T13:40:10","modified_gmt":"2026-04-27T11:40:10","slug":"championnat-regional-xco-cjrs-pierrevert","status":"publish","type":"tribe_events","link":"https:\/\/www.passionvttvenelles.fr\/index.php\/event\/championnat-regional-xco-cjrs-pierrevert\/","title":{"rendered":"Championnat R\u00e9gional XCO &#038; CJRS Pierrevert"},"content":{"rendered":"<p>\ud83d\udeb5\u200d\u2642\ufe0f Natur&rsquo;Bike Pierrevert Comp\u00e9titions vous accueille pour la prochaine manche Coupe R\u00e9gion Sud XCO<br \/>\nSupport du Championnat r\u00e9gional et du Championnat D\u00e9partemental 04<\/p>\n<p>\ud83d\udcc5 Dimanche 03 Mai 2026<\/p>\n<p>\ud83d\udccc point GPS : Impasse du DEFENS \u00e0 Pierrevert (04860)<\/p>\n<p>\ud83d\udc49On vous attend nombreuses et nombreux pour une superbe journ\u00e9e de VTT : parcours technique, ambiance conviviale et beaux d\u00e9fis au programme\u2026 ou tout simplement pour venir encourager les pilotes !\ud83d\udcaa\ud83d\udeb5\u200d\u2640\ufe0f<\/p>\n<p>\ud83d\udd57 Horaires principaux :<br \/>\n\u2022 08h45 : U15<br \/>\n\u2022 09h45 : U13<br \/>\n\u2022 10h45 : U11<br \/>\n\u2022 11h30 : U9<br \/>\n\u2022 13h00 : U17 \/ Femmes \/ Open<br \/>\n\u2022 14h30 : U19 \/ U23 \/ Seniors \/ Dames Elite<br \/>\n\u2022 14h32 : Masters Hommes<\/p>\n<p>\ud83c\udf54 Buvette et restauration sur place<\/p>\n","protected":false},"excerpt":{"rendered":"<p>\ud83d\udeb5\u200d\u2642\ufe0f Natur&rsquo;Bike Pierrevert Comp\u00e9titions vous accueille pour la prochaine manche Coupe R\u00e9gion Sud XCO Support du Championnat r\u00e9gional et du Championnat D\u00e9partemental 04 \ud83d\udcc5 Dimanche 03 Mai 2026 \ud83d\udccc point [&hellip;]<\/p>\n","protected":false},"author":1,"featured_media":3168,"template":"","meta":{"saved_in_kubio":false,"_tribe_events_status":"","_tribe_events_status_reason":"","footnotes":""},"tags":[],"tribe_events_cat":[114,112],"class_list":["post-3167","tribe_events","type-tribe_events","status-publish","has-post-thumbnail","hentry","tribe_events_cat-trjv","tribe_events_cat-xco-region-sud","cat_trjv","cat_xco-region-sud"],"yoast_head":"<!-- This site is optimized with the Yoast SEO plugin v27.4 - https:\/\/yoast.com\/product\/yoast-seo-wordpress\/ -->\n<title>Championnat R\u00e9gional XCO &amp; CJRS Pierrevert - Passion VTT Venelles<\/title>\n<meta name=\"robots\" content=\"index, follow, max-snippet:-1, max-image-preview:large, max-video-preview:-1\" \/>\n<link rel=\"canonical\" href=\"https:\/\/www.passionvttvenelles.fr\/index.php\/event\/championnat-regional-xco-cjrs-pierrevert\/\" \/>\n<meta property=\"og:locale\" content=\"fr_FR\" \/>\n<meta property=\"og:type\" content=\"article\" \/>\n<meta property=\"og:title\" content=\"Championnat R\u00e9gional XCO &amp; CJRS Pierrevert - Passion VTT Venelles\" \/>\n<meta property=\"og:description\" content=\"\ud83d\udeb5\u200d\u2642\ufe0f Natur&rsquo;Bike Pierrevert Comp\u00e9titions vous accueille pour la prochaine manche Coupe R\u00e9gion Sud XCO Support du Championnat r\u00e9gional et du Championnat D\u00e9partemental 04 \ud83d\udcc5 Dimanche 03 Mai 2026 \ud83d\udccc point [&hellip;]\" \/>\n<meta property=\"og:url\" content=\"https:\/\/www.passionvttvenelles.fr\/index.php\/event\/championnat-regional-xco-cjrs-pierrevert\/\" \/>\n<meta property=\"og:site_name\" content=\"Passion VTT Venelles\" \/>\n<meta property=\"article:publisher\" content=\"https:\/\/www.facebook.com\/passionvttvenelles\/\" \/>\n<meta property=\"og:image\" content=\"https:\/\/www.passionvttvenelles.fr\/wp-content\/uploads\/2026\/04\/672213995_1460496219201225_9045968809584495875_n.jpg\" \/>\n\t<meta property=\"og:image:width\" content=\"768\" \/>\n\t<meta property=\"og:image:height\" content=\"1376\" \/>\n\t<meta property=\"og:image:type\" content=\"image\/jpeg\" \/>\n<meta name=\"twitter:card\" content=\"summary_large_image\" \/>\n<meta name=\"twitter:label1\" content=\"Dur\u00e9e de lecture estim\u00e9e\" \/>\n\t<meta name=\"twitter:data1\" content=\"1 minute\" \/>\n<script type=\"application\/ld+json\" class=\"yoast-schema-graph\">{\"@context\":\"https:\\\/\\\/schema.org\",\"@graph\":[{\"@type\":\"WebPage\",\"@id\":\"https:\\\/\\\/www.passionvttvenelles.fr\\\/index.php\\\/event\\\/championnat-regional-xco-cjrs-pierrevert\\\/\",\"url\":\"https:\\\/\\\/www.passionvttvenelles.fr\\\/index.php\\\/event\\\/championnat-regional-xco-cjrs-pierrevert\\\/\",\"name\":\"Championnat R\u00e9gional XCO & CJRS Pierrevert - Passion VTT Venelles\",\"isPartOf\":{\"@id\":\"https:\\\/\\\/www.passionvttvenelles.fr\\\/#website\"},\"primaryImageOfPage\":{\"@id\":\"https:\\\/\\\/www.passionvttvenelles.fr\\\/index.php\\\/event\\\/championnat-regional-xco-cjrs-pierrevert\\\/#primaryimage\"},\"image\":{\"@id\":\"https:\\\/\\\/www.passionvttvenelles.fr\\\/index.php\\\/event\\\/championnat-regional-xco-cjrs-pierrevert\\\/#primaryimage\"},\"thumbnailUrl\":\"https:\\\/\\\/www.passionvttvenelles.fr\\\/wp-content\\\/uploads\\\/2026\\\/04\\\/672213995_1460496219201225_9045968809584495875_n-e1777290556985.jpg\",\"datePublished\":\"2026-04-27T11:40:10+00:00\",\"breadcrumb\":{\"@id\":\"https:\\\/\\\/www.passionvttvenelles.fr\\\/index.php\\\/event\\\/championnat-regional-xco-cjrs-pierrevert\\\/#breadcrumb\"},\"inLanguage\":\"fr-FR\",\"potentialAction\":[{\"@type\":\"ReadAction\",\"target\":[\"https:\\\/\\\/www.passionvttvenelles.fr\\\/index.php\\\/event\\\/championnat-regional-xco-cjrs-pierrevert\\\/\"]}]},{\"@type\":\"ImageObject\",\"inLanguage\":\"fr-FR\",\"@id\":\"https:\\\/\\\/www.passionvttvenelles.fr\\\/index.php\\\/event\\\/championnat-regional-xco-cjrs-pierrevert\\\/#primaryimage\",\"url\":\"https:\\\/\\\/www.passionvttvenelles.fr\\\/wp-content\\\/uploads\\\/2026\\\/04\\\/672213995_1460496219201225_9045968809584495875_n-e1777290556985.jpg\",\"contentUrl\":\"https:\\\/\\\/www.passionvttvenelles.fr\\\/wp-content\\\/uploads\\\/2026\\\/04\\\/672213995_1460496219201225_9045968809584495875_n-e1777290556985.jpg\",\"width\":350,\"height\":627},{\"@type\":\"BreadcrumbList\",\"@id\":\"https:\\\/\\\/www.passionvttvenelles.fr\\\/index.php\\\/event\\\/championnat-regional-xco-cjrs-pierrevert\\\/#breadcrumb\",\"itemListElement\":[{\"@type\":\"ListItem\",\"position\":1,\"name\":\"Accueil\",\"item\":\"https:\\\/\\\/www.passionvttvenelles.fr\\\/\"},{\"@type\":\"ListItem\",\"position\":2,\"name\":\"\u00c9v\u00e8nements\",\"item\":\"https:\\\/\\\/www.passionvttvenelles.fr\\\/index.php\\\/events\\\/\"},{\"@type\":\"ListItem\",\"position\":3,\"name\":\"Championnat R\u00e9gional XCO &#038; CJRS Pierrevert\"}]},{\"@type\":\"WebSite\",\"@id\":\"https:\\\/\\\/www.passionvttvenelles.fr\\\/#website\",\"url\":\"https:\\\/\\\/www.passionvttvenelles.fr\\\/\",\"name\":\"Passion VTT Venelles\",\"description\":\"De la d\u00e9couverte au plus haut niveau\",\"publisher\":{\"@id\":\"https:\\\/\\\/www.passionvttvenelles.fr\\\/#organization\"},\"potentialAction\":[{\"@type\":\"SearchAction\",\"target\":{\"@type\":\"EntryPoint\",\"urlTemplate\":\"https:\\\/\\\/www.passionvttvenelles.fr\\\/?s={search_term_string}\"},\"query-input\":{\"@type\":\"PropertyValueSpecification\",\"valueRequired\":true,\"valueName\":\"search_term_string\"}}],\"inLanguage\":\"fr-FR\"},{\"@type\":\"Organization\",\"@id\":\"https:\\\/\\\/www.passionvttvenelles.fr\\\/#organization\",\"name\":\"Passion VTT Venelles\",\"url\":\"https:\\\/\\\/www.passionvttvenelles.fr\\\/\",\"logo\":{\"@type\":\"ImageObject\",\"inLanguage\":\"fr-FR\",\"@id\":\"https:\\\/\\\/www.passionvttvenelles.fr\\\/#\\\/schema\\\/logo\\\/image\\\/\",\"url\":\"https:\\\/\\\/www.passionvttvenelles.fr\\\/wp-content\\\/uploads\\\/2024\\\/05\\\/P-club-copie.png\",\"contentUrl\":\"https:\\\/\\\/www.passionvttvenelles.fr\\\/wp-content\\\/uploads\\\/2024\\\/05\\\/P-club-copie.png\",\"width\":700,\"height\":700,\"caption\":\"Passion VTT Venelles\"},\"image\":{\"@id\":\"https:\\\/\\\/www.passionvttvenelles.fr\\\/#\\\/schema\\\/logo\\\/image\\\/\"},\"sameAs\":[\"https:\\\/\\\/www.facebook.com\\\/passionvttvenelles\\\/\",\"https:\\\/\\\/www.instagram.com\\\/passionvttvenelles\",\"https:\\\/\\\/www.tiktok.com\\\/@passionvttvenelles\",\"https:\\\/\\\/www.youtube.com\\\/channel\\\/UCY8LWXXXy-F3c8fmwtBvw_A\"]}]}<\/script>\n<!-- \/ Yoast SEO plugin. -->","yoast_head_json":{"title":"Championnat R\u00e9gional XCO & CJRS Pierrevert - Passion VTT Venelles","robots":{"index":"index","follow":"follow","max-snippet":"max-snippet:-1","max-image-preview":"max-image-preview:large","max-video-preview":"max-video-preview:-1"},"canonical":"https:\/\/www.passionvttvenelles.fr\/index.php\/event\/championnat-regional-xco-cjrs-pierrevert\/","og_locale":"fr_FR","og_type":"article","og_title":"Championnat R\u00e9gional XCO & CJRS Pierrevert - Passion VTT Venelles","og_description":"\ud83d\udeb5\u200d\u2642\ufe0f Natur&rsquo;Bike Pierrevert Comp\u00e9titions vous accueille pour la prochaine manche Coupe R\u00e9gion Sud XCO Support du Championnat r\u00e9gional et du Championnat D\u00e9partemental 04 \ud83d\udcc5 Dimanche 03 Mai 2026 \ud83d\udccc point [&hellip;]","og_url":"https:\/\/www.passionvttvenelles.fr\/index.php\/event\/championnat-regional-xco-cjrs-pierrevert\/","og_site_name":"Passion VTT Venelles","article_publisher":"https:\/\/www.facebook.com\/passionvttvenelles\/","og_image":[{"width":768,"height":1376,"url":"https:\/\/www.passionvttvenelles.fr\/wp-content\/uploads\/2026\/04\/672213995_1460496219201225_9045968809584495875_n.jpg","type":"image\/jpeg"}],"twitter_card":"summary_large_image","twitter_misc":{"Dur\u00e9e de lecture estim\u00e9e":"1 minute"},"schema":{"@context":"https:\/\/schema.org","@graph":[{"@type":"WebPage","@id":"https:\/\/www.passionvttvenelles.fr\/index.php\/event\/championnat-regional-xco-cjrs-pierrevert\/","url":"https:\/\/www.passionvttvenelles.fr\/index.php\/event\/championnat-regional-xco-cjrs-pierrevert\/","name":"Championnat R\u00e9gional XCO & CJRS Pierrevert - Passion VTT Venelles","isPartOf":{"@id":"https:\/\/www.passionvttvenelles.fr\/#website"},"primaryImageOfPage":{"@id":"https:\/\/www.passionvttvenelles.fr\/index.php\/event\/championnat-regional-xco-cjrs-pierrevert\/#primaryimage"},"image":{"@id":"https:\/\/www.passionvttvenelles.fr\/index.php\/event\/championnat-regional-xco-cjrs-pierrevert\/#primaryimage"},"thumbnailUrl":"https:\/\/www.passionvttvenelles.fr\/wp-content\/uploads\/2026\/04\/672213995_1460496219201225_9045968809584495875_n-e1777290556985.jpg","datePublished":"2026-04-27T11:40:10+00:00","breadcrumb":{"@id":"https:\/\/www.passionvttvenelles.fr\/index.php\/event\/championnat-regional-xco-cjrs-pierrevert\/#breadcrumb"},"inLanguage":"fr-FR","potentialAction":[{"@type":"ReadAction","target":["https:\/\/www.passionvttvenelles.fr\/index.php\/event\/championnat-regional-xco-cjrs-pierrevert\/"]}]},{"@type":"ImageObject","inLanguage":"fr-FR","@id":"https:\/\/www.passionvttvenelles.fr\/index.php\/event\/championnat-regional-xco-cjrs-pierrevert\/#primaryimage","url":"https:\/\/www.passionvttvenelles.fr\/wp-content\/uploads\/2026\/04\/672213995_1460496219201225_9045968809584495875_n-e1777290556985.jpg","contentUrl":"https:\/\/www.passionvttvenelles.fr\/wp-content\/uploads\/2026\/04\/672213995_1460496219201225_9045968809584495875_n-e1777290556985.jpg","width":350,"height":627},{"@type":"BreadcrumbList","@id":"https:\/\/www.passionvttvenelles.fr\/index.php\/event\/championnat-regional-xco-cjrs-pierrevert\/#breadcrumb","itemListElement":[{"@type":"ListItem","position":1,"name":"Accueil","item":"https:\/\/www.passionvttvenelles.fr\/"},{"@type":"ListItem","position":2,"name":"\u00c9v\u00e8nements","item":"https:\/\/www.passionvttvenelles.fr\/index.php\/events\/"},{"@type":"ListItem","position":3,"name":"Championnat R\u00e9gional XCO &#038; CJRS Pierrevert"}]},{"@type":"WebSite","@id":"https:\/\/www.passionvttvenelles.fr\/#website","url":"https:\/\/www.passionvttvenelles.fr\/","name":"Passion VTT Venelles","description":"De la d\u00e9couverte au plus haut niveau","publisher":{"@id":"https:\/\/www.passionvttvenelles.fr\/#organization"},"potentialAction":[{"@type":"SearchAction","target":{"@type":"EntryPoint","urlTemplate":"https:\/\/www.passionvttvenelles.fr\/?s={search_term_string}"},"query-input":{"@type":"PropertyValueSpecification","valueRequired":true,"valueName":"search_term_string"}}],"inLanguage":"fr-FR"},{"@type":"Organization","@id":"https:\/\/www.passionvttvenelles.fr\/#organization","name":"Passion VTT Venelles","url":"https:\/\/www.passionvttvenelles.fr\/","logo":{"@type":"ImageObject","inLanguage":"fr-FR","@id":"https:\/\/www.passionvttvenelles.fr\/#\/schema\/logo\/image\/","url":"https:\/\/www.passionvttvenelles.fr\/wp-content\/uploads\/2024\/05\/P-club-copie.png","contentUrl":"https:\/\/www.passionvttvenelles.fr\/wp-content\/uploads\/2024\/05\/P-club-copie.png","width":700,"height":700,"caption":"Passion VTT Venelles"},"image":{"@id":"https:\/\/www.passionvttvenelles.fr\/#\/schema\/logo\/image\/"},"sameAs":["https:\/\/www.facebook.com\/passionvttvenelles\/","https:\/\/www.instagram.com\/passionvttvenelles","https:\/\/www.tiktok.com\/@passionvttvenelles","https:\/\/www.youtube.com\/channel\/UCY8LWXXXy-F3c8fmwtBvw_A"]}]}},"_links":{"self":[{"href":"https:\/\/www.passionvttvenelles.fr\/index.php\/wp-json\/wp\/v2\/tribe_events\/3167","targetHints":{"allow":["GET"]}}],"collection":[{"href":"https:\/\/www.passionvttvenelles.fr\/index.php\/wp-json\/wp\/v2\/tribe_events"}],"about":[{"href":"https:\/\/www.passionvttvenelles.fr\/index.php\/wp-json\/wp\/v2\/types\/tribe_events"}],"author":[{"embeddable":true,"href":"https:\/\/www.passionvttvenelles.fr\/index.php\/wp-json\/wp\/v2\/users\/1"}],"version-history":[{"count":1,"href":"https:\/\/www.passionvttvenelles.fr\/index.php\/wp-json\/wp\/v2\/tribe_events\/3167\/revisions"}],"predecessor-version":[{"id":3169,"href":"https:\/\/www.passionvttvenelles.fr\/index.php\/wp-json\/wp\/v2\/tribe_events\/3167\/revisions\/3169"}],"wp:featuredmedia":[{"embeddable":true,"href":"https:\/\/www.passionvttvenelles.fr\/index.php\/wp-json\/wp\/v2\/media\/3168"}],"wp:attachment":[{"href":"https:\/\/www.passionvttvenelles.fr\/index.php\/wp-json\/wp\/v2\/media?parent=3167"}],"wp:term":[{"taxonomy":"post_tag","embeddable":true,"href":"https:\/\/www.passionvttvenelles.fr\/index.php\/wp-json\/wp\/v2\/tags?post=3167"},{"taxonomy":"tribe_events_cat","embeddable":true,"href":"https:\/\/www.passionvttvenelles.fr\/index.php\/wp-json\/wp\/v2\/tribe_events_cat?post=3167"}],"curies":[{"name":"wp","href":"https:\/\/api.w.org\/{rel}","templated":true}]}}